{"id":756,"date":"2020-03-27T22:44:04","date_gmt":"2020-03-27T21:44:04","guid":{"rendered":"http:\/\/localhost:8888\/Sefra\/?page_id=756"},"modified":"2020-07-02T01:13:38","modified_gmt":"2020-07-01T23:13:38","slug":"identita","status":"publish","type":"page","link":"https:\/\/www.seframeda.it\/it\/identita\/","title":{"rendered":"Identit\u00e0"},"content":{"rendered":"[vc_row thb_full_width=&#8221;true&#8221; full_height=&#8221;yes&#8221; thb_divider_position=&#8221;bottom&#8221; el_class=&#8221;vc_hidden-xs&#8221; css=&#8221;.vc_custom_1593589367345{padding-bottom: 100px !important;background-image: url(https:\/\/www.seframeda.it\/wp-content\/uploads\/2020\/06\/Sefra_identity2.jpg?id=3348) !important;background-position: center !important;background-repeat: no-repeat !important;background-size: contain !important;}&#8221; el_id=&#8221;head&#8221;][vc_column][vc_column_text css=&#8221;.vc_custom_1593589421144{padding-top: 30% !important;padding-left: 60% !important;}&#8221;]\n<h3 style=\"text-align: right;\"><em><strong>\u201c\u00c8 nella casa dove siamo cresciuti che \u00e8 nata la nostra bottega. Quelle mura conservano ancora intatto l\u2019odore del legname, pronto per essere lavorato. \u00c8 la casa dove siamo cresciuti che ci ha insegnato che la maestria \u00e8 solo il frutto di un abile pensiero. Era quella la casa dove ogni solco dava una forma al tempo.\u201d<\/strong><\/em><\/h3>\n[\/vc_column_text][\/vc_column][\/vc_row][vc_row thb_full_width=&#8221;true&#8221; full_height=&#8221;yes&#8221; columns_placement=&#8221;bottom&#8221; disable_element=&#8221;yes&#8221; thb_divider_position=&#8221;bottom&#8221; el_id=&#8221;urca&#8221; el_class=&#8221;vc_hidden-xs&#8221; css=&#8221;.vc_custom_1593588870764{padding-top: 100px !important;padding-bottom: 100px !important;}&#8221;][vc_column animation=&#8221;animation right-to-left&#8221; el_id=&#8221;urca&#8221;]\t<div id=\"thb-image-6a9baba246f2c\" class=\"caption-style1 animation left-to-right aligncenter   thb_image_link wp-caption\">\n\t\t\t<div class=\"thb-image-inner size_100\">\n\t\t\t<img loading=\"lazy\" decoding=\"async\" width=\"724\" height=\"1024\" src=\"data:image\/gif;base64,R0lGODlhAQABAAAAACH5BAEKAAEALAAAAAABAAEAAAICTAEAOw==\" class=\"thb_image    attachment-large thb-lazyload lazyload\" alt=\"\" sizes=\"auto, (max-width: 724px) 100vw, 724px\" data-src=\"https:\/\/www.seframeda.it\/wp-content\/uploads\/2020\/06\/Sefra_identity2-724x1024.jpg\" data-sizes=\"auto\" data-srcset=\"https:\/\/www.seframeda.it\/wp-content\/uploads\/2020\/06\/Sefra_identity2-724x1024.jpg 724w, https:\/\/www.seframeda.it\/wp-content\/uploads\/2020\/06\/Sefra_identity2-640x905.jpg 640w, https:\/\/www.seframeda.it\/wp-content\/uploads\/2020\/06\/Sefra_identity2-320x452.jpg 320w, https:\/\/www.seframeda.it\/wp-content\/uploads\/2020\/06\/Sefra_identity2-20x28.jpg 20w\" \/>\n\t\t<\/div>\n\t\t\t\t\t<div class=\"thb-image-content\">\n\t\t\n<h3 style=\"text-align: right\"><em><strong>\u201c\u00c8 nella casa dove siamo cresciuti che \u00e8 nata la nostra bottega. Quelle mura conservano ancora intatto l\u2019odore del legname, pronto per essere lavorato. \u00c8 la casa dove siamo cresciuti che ci ha insegnato che la maestria \u00e8 solo il frutto di un abile pensiero. Era quella la casa dove ogni solco dava una forma al tempo.\u201d<\/strong><\/em><\/h3>\n\t\t<\/div>\n\t\t\t<\/div>\n  [\/vc_column][\/vc_row][vc_row thb_full_width=&#8221;true&#8221; thb_divider_position=&#8221;bottom&#8221; el_class=&#8221;vc_hidden-lg vc_hidden-md vc_hidden-sm&#8221; el_id=&#8221;cop&#8221;][vc_column animation=&#8221;animation right-to-left&#8221;][vc_empty_space height=&#8221;100px&#8221;]\t<div id=\"thb-image-6a9baba2478e0\" class=\"caption-style1 animation right-to-left alignleft   thb_image_link wp-caption\">\n\t\t\t<div class=\"thb-image-inner size_100\">\n\t\t\t<img loading=\"lazy\" decoding=\"async\" width=\"724\" height=\"1024\" src=\"data:image\/gif;base64,R0lGODlhAQABAAAAACH5BAEKAAEALAAAAAABAAEAAAICTAEAOw==\" class=\"thb_image    attachment-large thb-lazyload lazyload\" alt=\"\" sizes=\"auto, (max-width: 724px) 100vw, 724px\" data-src=\"https:\/\/www.seframeda.it\/wp-content\/uploads\/2020\/06\/Sefra_identity2-724x1024.jpg\" data-sizes=\"auto\" data-srcset=\"https:\/\/www.seframeda.it\/wp-content\/uploads\/2020\/06\/Sefra_identity2-724x1024.jpg 724w, https:\/\/www.seframeda.it\/wp-content\/uploads\/2020\/06\/Sefra_identity2-640x905.jpg 640w, https:\/\/www.seframeda.it\/wp-content\/uploads\/2020\/06\/Sefra_identity2-320x452.jpg 320w, https:\/\/www.seframeda.it\/wp-content\/uploads\/2020\/06\/Sefra_identity2-20x28.jpg 20w\" \/>\n\t\t<\/div>\n\t\t\t\t\t<\/div>\n  [vc_column_text css=&#8221;.vc_custom_1592552738559{padding-right: 20% !important;padding-left: 10% !important;}&#8221;]<em>\u201c\u00c8 nella casa dove siamo cresciuti che \u00e8 nata la nostra bottega. Quelle mura conservano ancora intatto l\u2019odore del legname, pronto per essere lavorato. \u00c8 la casa dove siamo cresciuti che ci ha insegnato che la maestria \u00e8 solo il frutto di un abile pensiero. Era quella la casa dove ogni solco dava una forma al tempo.\u201d<\/em>[\/vc_column_text][\/vc_column][\/vc_row][vc_row thb_full_width=&#8221;true&#8221; disable_element=&#8221;yes&#8221; thb_divider_position=&#8221;bottom&#8221;][vc_column][vc_empty_space height=&#8221;100px&#8221;][vc_empty_space height=&#8221;100px&#8221;][vc_empty_space height=&#8221;100px&#8221;][\/vc_column][\/vc_row][vc_row thb_full_width=&#8221;true&#8221; disable_element=&#8221;yes&#8221; thb_divider_position=&#8221;bottom&#8221;][vc_column][vc_empty_space height=&#8221;150px&#8221;][vc_column_text css=&#8221;.vc_custom_1589499242906{padding-right: 35% !important;padding-left: 88px !important;}&#8221;]\n<h4><em><strong>La storia di SEFRA \u00e8 la storia di un\u2019intera famiglia, di un territorio unico, dell\u2019arte della falegnameria in Italia. Tre generazioni di maestri artigiani al servizio della qualit\u00e0 nel cuore della Brianza, il pi\u00f9 antico e prestigioso distretto del mobile d\u2019Italia.<\/strong><\/em><\/h4>\n[\/vc_column_text][vc_empty_space height=&#8221;60px&#8221;][vc_column_text el_class=&#8221;text-align:center&#8221;]\n<h1 style=\"text-align: left;\"><em><strong>Anno 1907<\/strong><\/em><\/h1>\n[\/vc_column_text][vc_empty_space][\/vc_column][\/vc_row][vc_row thb_full_width=&#8221;true&#8221; thb_divider_position=&#8221;bottom&#8221;][vc_column][vc_empty_space mobile_height=&#8221;20px&#8221; height=&#8221;60px&#8221;][vc_column_text el_class=&#8221;text-align:center&#8221;]\n<h1 style=\"text-align: left;\"><em>Anno 1907<\/em><\/h1>\n[\/vc_column_text][vc_empty_space mobile_height=&#8221;10px&#8221;][\/vc_column][\/vc_row][vc_row thb_full_width=&#8221;true&#8221; content_placement=&#8221;middle&#8221; thb_divider_position=&#8221;bottom&#8221; el_class=&#8221;align-text:right&#8221; css=&#8221;.vc_custom_1592553491018{padding-right: 10% !important;padding-left: 10% !important;}&#8221;][vc_column width=&#8221;2\/3&#8243; animation=&#8221;animation left-to-right&#8221;]\t<div id=\"thb-image-6a9baba247bbf\" class=\"caption-style1 animation left-to-right aligncenter   thb_image_link wp-caption\">\n\t\t\t<div class=\"thb-image-inner size_100\">\n\t\t\t<img loading=\"lazy\" decoding=\"async\" width=\"1062\" height=\"1511\" src=\"data:image\/gif;base64,R0lGODlhAQABAAAAACH5BAEKAAEALAAAAAABAAEAAAICTAEAOw==\" class=\"thb_image    attachment-full thb-lazyload lazyload\" alt=\"\" sizes=\"auto, (max-width: 1062px) 100vw, 1062px\" data-src=\"https:\/\/www.seframeda.it\/wp-content\/uploads\/2020\/06\/Sefra_identity3.png\" data-sizes=\"auto\" data-srcset=\"https:\/\/www.seframeda.it\/wp-content\/uploads\/2020\/06\/Sefra_identity3.png 1062w, https:\/\/www.seframeda.it\/wp-content\/uploads\/2020\/06\/Sefra_identity3-720x1024.png 720w, https:\/\/www.seframeda.it\/wp-content\/uploads\/2020\/06\/Sefra_identity3-768x1093.png 768w, https:\/\/www.seframeda.it\/wp-content\/uploads\/2020\/06\/Sefra_identity3-640x911.png 640w, https:\/\/www.seframeda.it\/wp-content\/uploads\/2020\/06\/Sefra_identity3-320x455.png 320w, https:\/\/www.seframeda.it\/wp-content\/uploads\/2020\/06\/Sefra_identity3-20x28.png 20w\" \/>\n\t\t<\/div>\n\t\t\t\t\t<\/div>\n  [vc_empty_space mobile_height=&#8221;10px&#8221; height=&#8221;0px&#8221;][\/vc_column][vc_column width=&#8221;1\/3&#8243; animation=&#8221;animation right-to-left&#8221; css=&#8221;.vc_custom_1592737880352{padding-right: 10% !important;padding-left: 10% !important;}&#8221;][vc_column_text]\n<h2 style=\"text-align: center;\"><strong><em>Oltre un secolo di esperienza<\/em><\/strong><\/h2>\n[\/vc_column_text][vc_column_text el_class=&#8221;text-left&#8221;]\n<p style=\"text-align: center;\">L\u2019attivit\u00e0 nasce nel 1907 ad opera dei due fratelli Pietro e Paolo Seveso, falegnami e intagliatori. La loro piccola bottega tra le mura domestiche a Meda, diventa ben presto il fulcro di un\u2019attivit\u00e0 intensa di artigianato in un territorio dove la passione per il mobile persegue da sempre i pi\u00f9 alti standard di qualit\u00e0.<\/p>\n[\/vc_column_text][\/vc_column][\/vc_row][vc_row thb_full_width=&#8221;true&#8221; thb_divider_position=&#8221;bottom&#8221;][vc_column animation=&#8221;animation left-to-right&#8221;][vc_empty_space mobile_height=&#8221;16px&#8221; height=&#8221;100px&#8221;][vc_column_text]\n<h1 style=\"text-align: left;\"><em>Anni Venti<\/em><\/h1>\n[\/vc_column_text][vc_empty_space mobile_height=&#8221;10px&#8221;][\/vc_column][\/vc_row][vc_row thb_full_width=&#8221;true&#8221; content_placement=&#8221;middle&#8221; thb_divider_position=&#8221;bottom&#8221; el_class=&#8221;vc_hidden-xs centro1&#8243;][vc_column animation=&#8221;animation left-to-right&#8221; css=&#8221;.vc_custom_1592554617449{padding-right: 10% !important;padding-left: 10% !important;}&#8221;][vc_column_text]\n<h2 style=\"text-align: center;\"><strong><em>Ampi orizzonti<\/em><\/strong><\/h2>\n[\/vc_column_text][vc_column_text]\n<p style=\"text-align: center;\">Negli anni \u201920 cooperano all\u2019attivit\u00e0 di un rinomato antiquario di Roma, l\u2019imprenditore Cesare Pavoncello. Tale collaborazione permette ai fratelli Seveso di esportare i loro prodotti negli Stati Uniti, fino al 1929, anno della Grande Depressione.<\/p>\n[\/vc_column_text][\/vc_column][\/vc_row][vc_row thb_full_width=&#8221;true&#8221; content_placement=&#8221;middle&#8221; thb_divider_position=&#8221;bottom&#8221; el_class=&#8221;vc_hidden-xs&#8221;][vc_column animation=&#8221;animation right-to-left&#8221;]\t<div id=\"thb-image-6a9baba24827a\" class=\"caption-style1  alignright full  thb_image_link wp-caption\">\n\t\t\t<div class=\"thb-image-inner size_100\">\n\t\t\t<img loading=\"lazy\" decoding=\"async\" width=\"2490\" height=\"1963\" src=\"data:image\/gif;base64,R0lGODlhAQABAAAAACH5BAEKAAEALAAAAAABAAEAAAICTAEAOw==\" class=\"thb_image    attachment-full thb-lazyload lazyload\" alt=\"\" sizes=\"auto, (max-width: 2490px) 100vw, 2490px\" data-src=\"https:\/\/www.seframeda.it\/wp-content\/uploads\/2020\/06\/Sefra_identity4.jpg\" data-sizes=\"auto\" data-srcset=\"https:\/\/www.seframeda.it\/wp-content\/uploads\/2020\/06\/Sefra_identity4.jpg 2490w, https:\/\/www.seframeda.it\/wp-content\/uploads\/2020\/06\/Sefra_identity4-1024x807.jpg 1024w, https:\/\/www.seframeda.it\/wp-content\/uploads\/2020\/06\/Sefra_identity4-768x605.jpg 768w, https:\/\/www.seframeda.it\/wp-content\/uploads\/2020\/06\/Sefra_identity4-1536x1211.jpg 1536w, https:\/\/www.seframeda.it\/wp-content\/uploads\/2020\/06\/Sefra_identity4-2048x1615.jpg 2048w, https:\/\/www.seframeda.it\/wp-content\/uploads\/2020\/06\/Sefra_identity4-640x505.jpg 640w, https:\/\/www.seframeda.it\/wp-content\/uploads\/2020\/06\/Sefra_identity4-320x252.jpg 320w, https:\/\/www.seframeda.it\/wp-content\/uploads\/2020\/06\/Sefra_identity4-1280x1009.jpg 1280w, https:\/\/www.seframeda.it\/wp-content\/uploads\/2020\/06\/Sefra_identity4-1920x1514.jpg 1920w, https:\/\/www.seframeda.it\/wp-content\/uploads\/2020\/06\/Sefra_identity4-20x15.jpg 20w\" \/>\n\t\t<\/div>\n\t\t\t\t\t<\/div>\n  [\/vc_column][\/vc_row][vc_row thb_full_width=&#8221;true&#8221; content_placement=&#8221;middle&#8221; thb_divider_position=&#8221;bottom&#8221; el_class=&#8221;vc_hidden-lg vc_hidden-md vc_hidden-sm&#8221;][vc_column animation=&#8221;animation left-to-right&#8221;]\t<div id=\"thb-image-6a9baba2488eb\" class=\"caption-style1  aligncenter full  thb_image_link wp-caption\">\n\t\t\t<div class=\"thb-image-inner size_100\">\n\t\t\t<img loading=\"lazy\" decoding=\"async\" width=\"2490\" height=\"1963\" src=\"data:image\/gif;base64,R0lGODlhAQABAAAAACH5BAEKAAEALAAAAAABAAEAAAICTAEAOw==\" class=\"thb_image    attachment-full thb-lazyload lazyload\" alt=\"\" sizes=\"auto, (max-width: 2490px) 100vw, 2490px\" data-src=\"https:\/\/www.seframeda.it\/wp-content\/uploads\/2020\/06\/Sefra_identity4.jpg\" data-sizes=\"auto\" data-srcset=\"https:\/\/www.seframeda.it\/wp-content\/uploads\/2020\/06\/Sefra_identity4.jpg 2490w, https:\/\/www.seframeda.it\/wp-content\/uploads\/2020\/06\/Sefra_identity4-1024x807.jpg 1024w, https:\/\/www.seframeda.it\/wp-content\/uploads\/2020\/06\/Sefra_identity4-768x605.jpg 768w, https:\/\/www.seframeda.it\/wp-content\/uploads\/2020\/06\/Sefra_identity4-1536x1211.jpg 1536w, https:\/\/www.seframeda.it\/wp-content\/uploads\/2020\/06\/Sefra_identity4-2048x1615.jpg 2048w, https:\/\/www.seframeda.it\/wp-content\/uploads\/2020\/06\/Sefra_identity4-640x505.jpg 640w, https:\/\/www.seframeda.it\/wp-content\/uploads\/2020\/06\/Sefra_identity4-320x252.jpg 320w, https:\/\/www.seframeda.it\/wp-content\/uploads\/2020\/06\/Sefra_identity4-1280x1009.jpg 1280w, https:\/\/www.seframeda.it\/wp-content\/uploads\/2020\/06\/Sefra_identity4-1920x1514.jpg 1920w, https:\/\/www.seframeda.it\/wp-content\/uploads\/2020\/06\/Sefra_identity4-20x15.jpg 20w\" \/>\n\t\t<\/div>\n\t\t\t\t\t<\/div>\n  [vc_empty_space mobile_height=&#8221;10px&#8221; height=&#8221;0PX&#8221;][vc_column_text]\n<h2 style=\"text-align: center;\"><strong><em>Ampi orizzonti<\/em><\/strong><\/h2>\n[\/vc_column_text][vc_column_text]\n<p style=\"text-align: center;\">Negli anni \u201920 cooperano all\u2019attivit\u00e0 di un rinomato antiquario di Roma, l\u2019imprenditore Cesare Pavoncello. Tale collaborazione permette ai fratelli Seveso di esportare i loro prodotti negli Stati Uniti, fino al 1929, anno della Grande Depressione.<\/p>\n[\/vc_column_text][\/vc_column][\/vc_row][vc_row thb_full_width=&#8221;true&#8221; thb_divider_position=&#8221;bottom&#8221;][vc_column][vc_empty_space mobile_height=&#8221;20px&#8221; height=&#8221;100px&#8221;][vc_column_text animation=&#8221;animation left-to-right&#8221;]\n<h1 style=\"text-align: left;\"><em>Anni Trenta<br \/>\n<\/em><\/h1>\n[\/vc_column_text][vc_empty_space mobile_height=&#8221;10px&#8221;][\/vc_column][\/vc_row][vc_row thb_full_width=&#8221;true&#8221; content_placement=&#8221;middle&#8221; thb_divider_position=&#8221;bottom&#8221;][vc_column width=&#8221;2\/3&#8243; animation=&#8221;animation left-to-right&#8221;]\t<div id=\"thb-image-6a9baba248b34\" class=\"caption-style1  aligncenter   thb_image_link wp-caption\">\n\t\t\t<div class=\"thb-image-inner size_100\">\n\t\t\t<img loading=\"lazy\" decoding=\"async\" class=\"thb_image     lazyload\" src=\"data:image\/gif;base64,R0lGODlhAQABAAAAACH5BAEKAAEALAAAAAABAAEAAAICTAEAOw==\" data-src=\"https:\/\/www.seframeda.it\/wp-content\/uploads\/2020\/06\/Sefra_identity12-1062x1511.jpg\" width=\"1062\" height=\"1511\" alt=\"Sefra_identity12\" title=\"Sefra_identity12\" \/>\n\t\t<\/div>\n\t\t\t\t\t<\/div>\n  [vc_empty_space mobile_height=&#8221;10px&#8221; height=&#8221;0px&#8221;][\/vc_column][vc_column width=&#8221;1\/3&#8243; animation=&#8221;animation right-to-left&#8221; css=&#8221;.vc_custom_1592554631877{padding-right: 10% !important;padding-left: 10% !important;}&#8221;][vc_column_text]\n<h2 style=\"text-align: center;\"><strong><em>Un&#8217;eccellenza<\/em><\/strong><\/h2>\n[\/vc_column_text][vc_column_text el_class=&#8221;text-left&#8221;]\n<p style=\"text-align: center;\">La falegnameria si afferma come eccellenza dell\u2019artigianato italiano e nel 1930, durante la Fiera Campionaria di Milano, riceve la visita dell\u2019allora presidente della Federazione Artigiana Autonoma, Vincenzo Buronzo.<\/p>\n[\/vc_column_text][\/vc_column][\/vc_row][vc_row thb_full_width=&#8221;true&#8221; thb_divider_position=&#8221;bottom&#8221;][vc_column animation=&#8221;animation left-to-right&#8221;][vc_empty_space mobile_height=&#8221;20px&#8221; height=&#8221;100px&#8221;][vc_column_text]\n<h1 style=\"text-align: left;\"><em>Anni <\/em><em>Q<\/em><em>uaranta<\/em><\/h1>\n[\/vc_column_text][vc_empty_space mobile_height=&#8221;10px&#8221;][\/vc_column][\/vc_row][vc_row thb_full_width=&#8221;true&#8221; content_placement=&#8221;middle&#8221; thb_divider_position=&#8221;bottom&#8221;][vc_column width=&#8221;1\/3&#8243; animation=&#8221;animation left-to-right&#8221; css=&#8221;.vc_custom_1592554228877{padding-right: 10% !important;padding-left: 10% !important;}&#8221;][vc_column_text]\n<h2 style=\"text-align: center;\"><strong><em>Opere uniche<\/em><\/strong><\/h2>\n[\/vc_column_text][vc_column_text]\n<p style=\"text-align: center;\">Fino alla fine della Seconda Guerra Mondiale il successo dell\u2019attivit\u00e0 si basava principalmente sull\u2019assemblaggio e l\u2019intagliatura di carrozze di lusso in legno. A partire dagli anni \u201940 inizia la produzione e la commercializzazione di mobili da arredamento; opere \u201csu misura\u201d, frutto di anni di ricerca della perfezione, di sapiente passione.<\/p>\n[\/vc_column_text][\/vc_column][vc_column width=&#8221;2\/3&#8243; animation=&#8221;animation right-to-left&#8221;]\t<div id=\"thb-image-6a9baba249150\" class=\"caption-style1  aligncenter   thb_image_link wp-caption\">\n\t\t\t<div class=\"thb-image-inner size_100\">\n\t\t\t<img loading=\"lazy\" decoding=\"async\" width=\"2490\" height=\"1761\" src=\"data:image\/gif;base64,R0lGODlhAQABAAAAACH5BAEKAAEALAAAAAABAAEAAAICTAEAOw==\" class=\"thb_image    attachment-full thb-lazyload lazyload\" alt=\"\" sizes=\"auto, (max-width: 2490px) 100vw, 2490px\" data-src=\"https:\/\/www.seframeda.it\/wp-content\/uploads\/2020\/06\/Sefra_identity10-e1592864980963.jpg\" data-sizes=\"auto\" data-srcset=\"https:\/\/www.seframeda.it\/wp-content\/uploads\/2020\/06\/Sefra_identity10-e1592864980963.jpg 2490w, https:\/\/www.seframeda.it\/wp-content\/uploads\/2020\/06\/Sefra_identity10-e1592864980963-1024x724.jpg 1024w, https:\/\/www.seframeda.it\/wp-content\/uploads\/2020\/06\/Sefra_identity10-e1592864980963-768x543.jpg 768w, https:\/\/www.seframeda.it\/wp-content\/uploads\/2020\/06\/Sefra_identity10-e1592864980963-1536x1086.jpg 1536w, https:\/\/www.seframeda.it\/wp-content\/uploads\/2020\/06\/Sefra_identity10-e1592864980963-2048x1448.jpg 2048w, https:\/\/www.seframeda.it\/wp-content\/uploads\/2020\/06\/Sefra_identity10-e1592864980963-640x453.jpg 640w, https:\/\/www.seframeda.it\/wp-content\/uploads\/2020\/06\/Sefra_identity10-e1592864980963-320x226.jpg 320w, https:\/\/www.seframeda.it\/wp-content\/uploads\/2020\/06\/Sefra_identity10-e1592864980963-1280x905.jpg 1280w, https:\/\/www.seframeda.it\/wp-content\/uploads\/2020\/06\/Sefra_identity10-e1592864980963-20x15.jpg 20w, https:\/\/www.seframeda.it\/wp-content\/uploads\/2020\/06\/Sefra_identity10-e1592864980963-1920x1358.jpg 1920w\" \/>\n\t\t<\/div>\n\t\t\t\t\t<\/div>\n  [vc_empty_space mobile_height=&#8221;10px&#8221; height=&#8221;0px&#8221;][\/vc_column][\/vc_row][vc_row thb_full_width=&#8221;true&#8221; content_placement=&#8221;middle&#8221; thb_divider_position=&#8221;bottom&#8221;][vc_column animation=&#8221;animation left-to-right&#8221;][vc_empty_space mobile_height=&#8221;10px&#8221; height=&#8221;64px&#8221;]\n<div class=\"wpsisac-slick-variable-wrp wpsisac-clearfix sliderxxx\" data-conf=\"{&quot;dots&quot;:&quot;true&quot;,&quot;arrows&quot;:&quot;false&quot;,&quot;autoplay&quot;:&quot;false&quot;,&quot;autoplay_interval&quot;:3000,&quot;var_width&quot;:&quot;true&quot;,&quot;speed&quot;:600,&quot;design&quot;:&quot;prodesign-10&quot;,&quot;rtl&quot;:&quot;false&quot;,&quot;loop&quot;:&quot;false&quot;,&quot;hover_pause&quot;:&quot;true&quot;,&quot;focus_pause&quot;:&quot;false&quot;,&quot;lazyload&quot;:&quot;&quot;}\">\n\t<div id=\"wpsisac-pro-slick-variable-1\" class=\"wpsisac-slick wpsisac-slick-variable wpsisac-prodesign-10 wpsisac-arrow-design-1 wpsisac-dots-design-1 wpsisac-image-fit\" style=\"width:70%;\">\r<div class=\"wpsisac-slick-image-slide\">\r\t<div class=\"wpsisac-slide-wrap \">\r\t\t\t\t\t<div class=\"wpsisac-img-wrap\" >\r\t\t\t\t\t<img decoding=\"async\" class=\"wpsisac-slider-img lazyload\" src=\"data:image\/gif;base64,R0lGODlhAQABAAAAACH5BAEKAAEALAAAAAABAAEAAAICTAEAOw==\" data-src=\"https:\/\/www.seframeda.it\/wp-content\/uploads\/2020\/06\/Sefra_identity1-e1592866311408.png\" alt=\"\"  \/>\r\t\t\t\t\t\t\t<\/div>\r\t\t\t\t\t<div class=\"wpsisac-slider-content\">\r\t\t\t\t\t\t\t\t\t<div class=\"wpsisac-slider-short-content\">\r\t\t\t\t\t\t\t\t\t\t<\/div>\r\t\t\t\t\t\t\t\t<\/div>\r\t<\/div>\r<\/div>\r<div class=\"wpsisac-slick-image-slide\">\r\t<div class=\"wpsisac-slide-wrap \">\r\t\t\t\t\t<div class=\"wpsisac-img-wrap\" >\r\t\t\t\t\t<img decoding=\"async\" class=\"wpsisac-slider-img lazyload\" src=\"data:image\/gif;base64,R0lGODlhAQABAAAAACH5BAEKAAEALAAAAAABAAEAAAICTAEAOw==\" data-src=\"https:\/\/www.seframeda.it\/wp-content\/uploads\/2020\/06\/Sefra_identity6-e1592866657756.jpg\" alt=\"\"  \/>\r\t\t\t\t\t\t\t<\/div>\r\t\t\t\t\t<div class=\"wpsisac-slider-content\">\r\t\t\t\t\t\t\t\t\t<div class=\"wpsisac-slider-short-content\">\r\t\t\t\t\t\t\t\t\t\t<\/div>\r\t\t\t\t\t\t\t\t<\/div>\r\t<\/div>\r<\/div>\r<div class=\"wpsisac-slick-image-slide\">\r\t<div class=\"wpsisac-slide-wrap \">\r\t\t\t\t\t<div class=\"wpsisac-img-wrap\" >\r\t\t\t\t\t<img decoding=\"async\" class=\"wpsisac-slider-img lazyload\" src=\"data:image\/gif;base64,R0lGODlhAQABAAAAACH5BAEKAAEALAAAAAABAAEAAAICTAEAOw==\" data-src=\"https:\/\/www.seframeda.it\/wp-content\/uploads\/2020\/06\/Sefra_identity9-e1592866841509.jpg\" alt=\"\"  \/>\r\t\t\t\t\t\t\t<\/div>\r\t\t\t\t\t<div class=\"wpsisac-slider-content\">\r\t\t\t\t\t\t\t\t\t<div class=\"wpsisac-slider-short-content\">\r\t\t\t\t\t\t\t\t\t\t<\/div>\r\t\t\t\t\t\t\t\t<\/div>\r\t<\/div>\r<\/div>\n\t<\/div>\n<\/div>[\/vc_column][\/vc_row][vc_row thb_full_width=&#8221;true&#8221; disable_element=&#8221;yes&#8221; thb_divider_position=&#8221;bottom&#8221; css=&#8221;.vc_custom_1590333829405{padding-top: 8vh !important;padding-bottom: 8vh !important;}&#8221;][vc_column animation=&#8221;animation top-to-bottom&#8221;]\t\t\t\t\t<div id=\"thb-image-slider-25\" class=\"thb-image-slider slick thb-image-slider-style1 overflow margins mfp-gallery dark-arrow  \" data-pagination=\"true\" data-navigation=\"\" data-center=\"0\" data-columns=\"1\" data-infinite=\"false\" data-autoplay=\"\" data-autoplay-speed=\"4000\">\n\t\t\t\t\t\t\t\t\t\t\t\t\t<figure>\n\t\t\t\t\t\t\t\t\t\t\t\t\t\t\t\t\t\t\t<a href=\"https:\/\/www.seframeda.it\/wp-content\/uploads\/2020\/05\/IMG_6323.jpg\">\n\t\t\t\t\t\t\t\t\t\t\t\t\t\t\t\t\t\t<img decoding=\"async\" src=\"https:\/\/www.seframeda.it\/wp-content\/uploads\/2020\/05\/IMG_6323.jpg\" class=\"lazyload\" alt=\"IMG_6323\" \/>\n\t\t\t\t\t\t\t\t\t\t\t\t\t\t\t\t\t\t\t\t\t\t\t\t\t\t\t\t<\/a>\n\t\t\t\t\t\t\t\t\t\t\t\t\t\t\t\t\t<\/figure>\n\t\t\t\t\t\t\t\t\t\t\t\t\t\t\t<figure>\n\t\t\t\t\t\t\t\t\t\t\t\t\t\t\t\t\t\t\t<a href=\"https:\/\/www.seframeda.it\/wp-content\/uploads\/2020\/05\/IMG_6321-1.jpg\">\n\t\t\t\t\t\t\t\t\t\t\t\t\t\t\t\t\t\t<img decoding=\"async\" src=\"https:\/\/www.seframeda.it\/wp-content\/uploads\/2020\/05\/IMG_6321-1.jpg\" class=\"lazyload\" alt=\"IMG_6321\" \/>\n\t\t\t\t\t\t\t\t\t\t\t\t\t\t\t\t\t\t\t\t\t\t\t\t\t\t\t\t<\/a>\n\t\t\t\t\t\t\t\t\t\t\t\t\t\t\t\t\t<\/figure>\n\t\t\t\t\t\t\t\t\t\t\t\t\t\t\t<figure>\n\t\t\t\t\t\t\t\t\t\t\t\t\t\t\t\t\t\t\t<a href=\"https:\/\/www.seframeda.it\/wp-content\/uploads\/2020\/05\/IMG_6252-1.jpg\">\n\t\t\t\t\t\t\t\t\t\t\t\t\t\t\t\t\t\t<img decoding=\"async\" src=\"https:\/\/www.seframeda.it\/wp-content\/uploads\/2020\/05\/IMG_6252-1.jpg\" class=\"lazyload\" alt=\"IMG_6252\" \/>\n\t\t\t\t\t\t\t\t\t\t\t\t\t\t\t\t\t\t\t\t\t\t\t\t\t\t\t\t<\/a>\n\t\t\t\t\t\t\t\t\t\t\t\t\t\t\t\t\t<\/figure>\n\t\t\t\t\t\t\t\t\t\t\t<\/div>\n\t\t\t\t\t\t[\/vc_column][\/vc_row][vc_row thb_full_width=&#8221;true&#8221; thb_divider_position=&#8221;bottom&#8221;][vc_column animation=&#8221;animation left-to-right&#8221;][vc_empty_space mobile_height=&#8221;20px&#8221; height=&#8221;100px&#8221;][vc_column_text]\n<h1 style=\"text-align: left;\"><em>Anni Sessanta<\/em><\/h1>\n[\/vc_column_text][vc_empty_space mobile_height=&#8221;10px&#8221;][\/vc_column][\/vc_row][vc_row thb_full_width=&#8221;true&#8221; content_placement=&#8221;middle&#8221; thb_divider_position=&#8221;bottom&#8221;][vc_column width=&#8221;2\/3&#8243; animation=&#8221;animation left-to-right&#8221;]\t<div id=\"thb-image-6a9baba24cf4f\" class=\"caption-style1  aligncenter   thb_image_link wp-caption\">\n\t\t\t<div class=\"thb-image-inner size_100\">\n\t\t\t<img loading=\"lazy\" decoding=\"async\" width=\"2490\" height=\"1766\" src=\"data:image\/gif;base64,R0lGODlhAQABAAAAACH5BAEKAAEALAAAAAABAAEAAAICTAEAOw==\" class=\"thb_image    attachment-full thb-lazyload lazyload\" alt=\"\" data-src=\"https:\/\/www.seframeda.it\/wp-content\/uploads\/2020\/06\/Sefra_identity5-scaled-e1592864863423.jpg\" data-sizes=\"auto\" \/>\n\t\t<\/div>\n\t\t\t\t\t<\/div>\n  [vc_empty_space mobile_height=&#8221;10px&#8221; height=&#8221;0px&#8221;][\/vc_column][vc_column width=&#8221;1\/3&#8243; animation=&#8221;animation right-to-left&#8221; css=&#8221;.vc_custom_1592554212263{padding-right: 10% !important;padding-left: 10% !important;}&#8221;][vc_column_text]\n<h2 style=\"text-align: center;\"><strong><em>La bottega diventa azienda<\/em><\/strong><\/h2>\n[\/vc_column_text][vc_column_text el_class=&#8221;text-left&#8221;]\n<p style=\"text-align: center;\">Negli anni \u201960 Angelo, Giosu\u00e8 e Luigi, figli di Paolo Seveso, prendono il controllo dell\u2019attivit\u00e0 e nasce la <i>f.lli Seveso. <\/i>La produzione cresce, l\u2019artigianato incontra l\u2019innovazione tecnologica e la bottega diventa un\u2019azienda, sempre a Meda, dove tutt\u2019ora ha sede. Sono gli anni in cui il distretto del mobile della Brianza costruisce le basi di ci\u00f2 che la render\u00e0 il centro creativo e produttivo nel settore dell\u2019arredamento a livello mondiale.<\/p>\n[\/vc_column_text][\/vc_column][\/vc_row][vc_row thb_full_width=&#8221;true&#8221; thb_divider_position=&#8221;bottom&#8221;][vc_column animation=&#8221;animation left-to-right&#8221;][vc_empty_space mobile_height=&#8221;20px&#8221; height=&#8221;100px&#8221;][vc_column_text]\n<h1 style=\"text-align: left;\"><em>Anni Settanta<\/em><\/h1>\n[\/vc_column_text][vc_empty_space mobile_height=&#8221;10px&#8221;][\/vc_column][\/vc_row][vc_row thb_full_width=&#8221;true&#8221; content_placement=&#8221;middle&#8221; thb_divider_position=&#8221;bottom&#8221;][vc_column width=&#8221;1\/3&#8243; animation=&#8221;animation left-to-right&#8221; css=&#8221;.vc_custom_1592554238542{padding-right: 10% !important;padding-left: 10% !important;}&#8221;][vc_column_text]\n<h2 style=\"text-align: center;\"><strong><em>Innovazione e tradizione<\/em><\/strong><\/h2>\n[\/vc_column_text][vc_column_text]\n<p style=\"text-align: center;\">La F<i>.lli Seveso<\/i> acquista i primi macchinari moderni. Vengono sperimentati metodi di produzione innovativi in grado di conciliare il \u201csaper fare\u201d artigiano con le pi\u00f9 avanzate tecnologie di lavorazione del legno.<\/p>\n[\/vc_column_text][\/vc_column][vc_column width=&#8221;2\/3&#8243; animation=&#8221;animation right-to-left&#8221;]\t<div id=\"thb-image-6a9baba24d54e\" class=\"caption-style1  aligncenter full  thb_image_link wp-caption\">\n\t\t\t<div class=\"thb-image-inner size_100\">\n\t\t\t<img loading=\"lazy\" decoding=\"async\" class=\"thb_image     lazyload\" src=\"data:image\/gif;base64,R0lGODlhAQABAAAAACH5BAEKAAEALAAAAAABAAEAAAICTAEAOw==\" data-src=\"https:\/\/www.seframeda.it\/wp-content\/uploads\/2020\/06\/img-5-small580.jpg\" width=\"580\" height=\"387\" alt=\"img-5-small580\" title=\"img-5-small580\" \/>\n\t\t<\/div>\n\t\t\t\t\t<\/div>\n  [vc_empty_space mobile_height=&#8221;10px&#8221; height=&#8221;0px&#8221;][\/vc_column][\/vc_row][vc_row thb_full_width=&#8221;true&#8221; thb_divider_position=&#8221;bottom&#8221;][vc_column animation=&#8221;animation left-to-right&#8221;][vc_empty_space mobile_height=&#8221;20px&#8221; height=&#8221;100px&#8221;][vc_column_text]\n<h1 style=\"text-align: left;\"><em>Anni Novanta<\/em><\/h1>\n[\/vc_column_text][vc_empty_space mobile_height=&#8221;10px&#8221;][\/vc_column][\/vc_row][vc_row thb_full_width=&#8221;true&#8221; content_placement=&#8221;middle&#8221; thb_divider_position=&#8221;bottom&#8221;][vc_column width=&#8221;2\/3&#8243; animation=&#8221;animation right-to-left&#8221;]\t<div id=\"thb-image-6a9baba24da8c\" class=\"caption-style1  aligncenter   thb_image_link wp-caption\">\n\t\t\t<div class=\"thb-image-inner size_100\">\n\t\t\t<img loading=\"lazy\" decoding=\"async\" width=\"2000\" height=\"1494\" src=\"data:image\/gif;base64,R0lGODlhAQABAAAAACH5BAEKAAEALAAAAAABAAEAAAICTAEAOw==\" class=\"thb_image    attachment-full thb-lazyload lazyload\" alt=\"\" sizes=\"auto, (max-width: 2000px) 100vw, 2000px\" data-src=\"https:\/\/www.seframeda.it\/wp-content\/uploads\/2020\/06\/Sefra_ColomboStile.jpg\" data-sizes=\"auto\" data-srcset=\"https:\/\/www.seframeda.it\/wp-content\/uploads\/2020\/06\/Sefra_ColomboStile.jpg 2000w, https:\/\/www.seframeda.it\/wp-content\/uploads\/2020\/06\/Sefra_ColomboStile-1024x765.jpg 1024w, https:\/\/www.seframeda.it\/wp-content\/uploads\/2020\/06\/Sefra_ColomboStile-768x574.jpg 768w, https:\/\/www.seframeda.it\/wp-content\/uploads\/2020\/06\/Sefra_ColomboStile-1536x1147.jpg 1536w, https:\/\/www.seframeda.it\/wp-content\/uploads\/2020\/06\/Sefra_ColomboStile-640x478.jpg 640w, https:\/\/www.seframeda.it\/wp-content\/uploads\/2020\/06\/Sefra_ColomboStile-320x239.jpg 320w, https:\/\/www.seframeda.it\/wp-content\/uploads\/2020\/06\/Sefra_ColomboStile-1280x956.jpg 1280w, https:\/\/www.seframeda.it\/wp-content\/uploads\/2020\/06\/Sefra_ColomboStile-1920x1434.jpg 1920w, https:\/\/www.seframeda.it\/wp-content\/uploads\/2020\/06\/Sefra_ColomboStile-20x15.jpg 20w\" \/>\n\t\t<\/div>\n\t\t\t\t\t<\/div>\n  [vc_empty_space mobile_height=&#8221;10px&#8221; height=&#8221;0px&#8221;][\/vc_column][vc_column width=&#8221;1\/3&#8243; animation=&#8221;animation left-to-right&#8221; css=&#8221;.vc_custom_1592554250782{padding-right: 10% !important;padding-left: 10% !important;}&#8221;][vc_column_text]\n<h2 style=\"text-align: center;\"><strong><em>Colombo Stile<\/em><\/strong><\/h2>\n[\/vc_column_text][vc_column_text]\n<p style=\"text-align: center;\">Nel 1995 Luca e Paolo Seveso, figli di Luigi, diventano gli attuali proprietari dell\u2019azienda, che prende il nome di SEFRA.\u00a0Il 1998 \u00e8 l\u2019anno dell\u2019inizio del partnership con Colombo Stile.<\/p>\n[\/vc_column_text][\/vc_column][\/vc_row][vc_row thb_full_width=&#8221;true&#8221; thb_divider_position=&#8221;bottom&#8221;][vc_column animation=&#8221;animation left-to-right&#8221;][vc_empty_space mobile_height=&#8221;20px&#8221; height=&#8221;100px&#8221;][vc_column_text]\n<h1 style=\"text-align: left;\"><em>Anni Duemila<\/em><\/h1>\n[\/vc_column_text][vc_empty_space mobile_height=&#8221;10px&#8221;][\/vc_column][\/vc_row][vc_row thb_full_width=&#8221;true&#8221; content_placement=&#8221;middle&#8221; thb_divider_position=&#8221;bottom&#8221;][vc_column width=&#8221;1\/3&#8243; animation=&#8221;animation left-to-right&#8221; css=&#8221;.vc_custom_1592554445605{padding-right: 10% !important;padding-left: 10% !important;}&#8221;][vc_column_text]\n<h2 style=\"text-align: center;\"><strong><em>Progettazione moderna<\/em><\/strong><\/h2>\n[\/vc_column_text][vc_column_text]\n<p style=\"text-align: center;\">Viene acquistata una macchina a tre assi: il processo di produzione cambia di nuovo forma e cos\u00ec anche l&#8217;organizzazione del lavoro dell&#8217;artigiano. Nasce l&#8217;ufficio di progettazione moderno, il fiore all&#8217;occhiello di Sefra.<\/p>\n[\/vc_column_text][\/vc_column][vc_column width=&#8221;2\/3&#8243; animation=&#8221;animation right-to-left&#8221;]\t<div id=\"thb-image-6a9baba24e018\" class=\"caption-style1  aligncenter   thb_image_link wp-caption\">\n\t\t\t<div class=\"thb-image-inner size_100\">\n\t\t\t<img loading=\"lazy\" decoding=\"async\" width=\"2490\" height=\"1660\" src=\"data:image\/gif;base64,R0lGODlhAQABAAAAACH5BAEKAAEALAAAAAABAAEAAAICTAEAOw==\" class=\"thb_image    attachment-full thb-lazyload lazyload\" alt=\"\" sizes=\"auto, (max-width: 2490px) 100vw, 2490px\" data-src=\"https:\/\/www.seframeda.it\/wp-content\/uploads\/2020\/06\/Sefra.jpg\" data-sizes=\"auto\" data-srcset=\"https:\/\/www.seframeda.it\/wp-content\/uploads\/2020\/06\/Sefra.jpg 2490w, https:\/\/www.seframeda.it\/wp-content\/uploads\/2020\/06\/Sefra-1024x683.jpg 1024w, https:\/\/www.seframeda.it\/wp-content\/uploads\/2020\/06\/Sefra-768x512.jpg 768w, https:\/\/www.seframeda.it\/wp-content\/uploads\/2020\/06\/Sefra-1536x1024.jpg 1536w, https:\/\/www.seframeda.it\/wp-content\/uploads\/2020\/06\/Sefra-2048x1365.jpg 2048w, https:\/\/www.seframeda.it\/wp-content\/uploads\/2020\/06\/Sefra-640x427.jpg 640w, https:\/\/www.seframeda.it\/wp-content\/uploads\/2020\/06\/Sefra-20x13.jpg 20w, https:\/\/www.seframeda.it\/wp-content\/uploads\/2020\/06\/Sefra-320x213.jpg 320w, https:\/\/www.seframeda.it\/wp-content\/uploads\/2020\/06\/Sefra-1280x853.jpg 1280w, https:\/\/www.seframeda.it\/wp-content\/uploads\/2020\/06\/Sefra-1920x1280.jpg 1920w\" \/>\n\t\t<\/div>\n\t\t\t\t\t<\/div>\n  [vc_empty_space mobile_height=&#8221;10px&#8221; height=&#8221;0px&#8221;][\/vc_column][\/vc_row][vc_row thb_full_width=&#8221;true&#8221; thb_divider_position=&#8221;bottom&#8221;][vc_column animation=&#8221;animation left-to-right&#8221;][vc_empty_space mobile_height=&#8221;20px&#8221; height=&#8221;100px&#8221;][vc_column_text]\n<h1 style=\"text-align: left;\"><em>Anni Dieci<\/em><\/h1>\n[\/vc_column_text][vc_empty_space mobile_height=&#8221;10px&#8221;][\/vc_column][\/vc_row][vc_row thb_full_width=&#8221;true&#8221; content_placement=&#8221;middle&#8221; thb_divider_position=&#8221;bottom&#8221; el_class=&#8221;vc_hidden-xs centro1&#8243;][vc_column animation=&#8221;animation right-to-left&#8221; css=&#8221;.vc_custom_1592554513822{padding-right: 10% !important;padding-left: 10% !important;}&#8221;][vc_column_text]\n<h2 style=\"text-align: center;\"><strong><em>Una nuova sfida<\/em><\/strong><\/h2>\n[\/vc_column_text][vc_column_text]\n<p style=\"text-align: center;\">Nel 2015 Sefra interrompe la partnership con Colombo Stile e torna ad essere autonoma.<\/p>\n[\/vc_column_text][\/vc_column][\/vc_row][vc_row thb_full_width=&#8221;true&#8221; content_placement=&#8221;middle&#8221; thb_divider_position=&#8221;bottom&#8221; el_class=&#8221;vc_hidden-xs&#8221;][vc_column animation=&#8221;animation right-to-left&#8221;]\t<div id=\"thb-image-6a9baba24e5cb\" class=\"caption-style1  aligncenter   thb_image_link wp-caption\">\n\t\t\t<div class=\"thb-image-inner size_100\">\n\t\t\t<img loading=\"lazy\" decoding=\"async\" width=\"2490\" height=\"1660\" src=\"data:image\/gif;base64,R0lGODlhAQABAAAAACH5BAEKAAEALAAAAAABAAEAAAICTAEAOw==\" class=\"thb_image    attachment-full thb-lazyload lazyload\" alt=\"\" sizes=\"auto, (max-width: 2490px) 100vw, 2490px\" data-src=\"https:\/\/www.seframeda.it\/wp-content\/uploads\/2020\/06\/SefraFamily.jpg\" data-sizes=\"auto\" data-srcset=\"https:\/\/www.seframeda.it\/wp-content\/uploads\/2020\/06\/SefraFamily.jpg 2490w, https:\/\/www.seframeda.it\/wp-content\/uploads\/2020\/06\/SefraFamily-1024x683.jpg 1024w, https:\/\/www.seframeda.it\/wp-content\/uploads\/2020\/06\/SefraFamily-768x512.jpg 768w, https:\/\/www.seframeda.it\/wp-content\/uploads\/2020\/06\/SefraFamily-1536x1024.jpg 1536w, https:\/\/www.seframeda.it\/wp-content\/uploads\/2020\/06\/SefraFamily-2048x1365.jpg 2048w, https:\/\/www.seframeda.it\/wp-content\/uploads\/2020\/06\/SefraFamily-640x427.jpg 640w, https:\/\/www.seframeda.it\/wp-content\/uploads\/2020\/06\/SefraFamily-20x13.jpg 20w, https:\/\/www.seframeda.it\/wp-content\/uploads\/2020\/06\/SefraFamily-320x213.jpg 320w, https:\/\/www.seframeda.it\/wp-content\/uploads\/2020\/06\/SefraFamily-1280x853.jpg 1280w, https:\/\/www.seframeda.it\/wp-content\/uploads\/2020\/06\/SefraFamily-1920x1280.jpg 1920w\" \/>\n\t\t<\/div>\n\t\t\t\t\t<\/div>\n  [\/vc_column][\/vc_row][vc_row thb_full_width=&#8221;true&#8221; content_placement=&#8221;middle&#8221; thb_divider_position=&#8221;bottom&#8221; el_class=&#8221;vc_hidden-lg vc_hidden-md vc_hidden-sm&#8221;][vc_column animation=&#8221;animation right-to-left&#8221;]\t<div id=\"thb-image-6a9baba24ebf3\" class=\"caption-style1  aligncenter   thb_image_link wp-caption\">\n\t\t\t<div class=\"thb-image-inner size_100\">\n\t\t\t<img loading=\"lazy\" decoding=\"async\" width=\"2490\" height=\"1660\" src=\"data:image\/gif;base64,R0lGODlhAQABAAAAACH5BAEKAAEALAAAAAABAAEAAAICTAEAOw==\" class=\"thb_image    attachment-full thb-lazyload lazyload\" alt=\"\" sizes=\"auto, (max-width: 2490px) 100vw, 2490px\" data-src=\"https:\/\/www.seframeda.it\/wp-content\/uploads\/2020\/06\/Sefra_identity8.jpg\" data-sizes=\"auto\" data-srcset=\"https:\/\/www.seframeda.it\/wp-content\/uploads\/2020\/06\/Sefra_identity8.jpg 2490w, https:\/\/www.seframeda.it\/wp-content\/uploads\/2020\/06\/Sefra_identity8-1024x683.jpg 1024w, https:\/\/www.seframeda.it\/wp-content\/uploads\/2020\/06\/Sefra_identity8-768x512.jpg 768w, https:\/\/www.seframeda.it\/wp-content\/uploads\/2020\/06\/Sefra_identity8-1536x1024.jpg 1536w, https:\/\/www.seframeda.it\/wp-content\/uploads\/2020\/06\/Sefra_identity8-2048x1365.jpg 2048w, https:\/\/www.seframeda.it\/wp-content\/uploads\/2020\/06\/Sefra_identity8-640x427.jpg 640w, https:\/\/www.seframeda.it\/wp-content\/uploads\/2020\/06\/Sefra_identity8-20x13.jpg 20w, https:\/\/www.seframeda.it\/wp-content\/uploads\/2020\/06\/Sefra_identity8-320x213.jpg 320w, https:\/\/www.seframeda.it\/wp-content\/uploads\/2020\/06\/Sefra_identity8-1280x853.jpg 1280w, https:\/\/www.seframeda.it\/wp-content\/uploads\/2020\/06\/Sefra_identity8-1920x1280.jpg 1920w\" \/>\n\t\t<\/div>\n\t\t\t\t\t<\/div>\n  [vc_empty_space mobile_height=&#8221;10px&#8221; height=&#8221;0px&#8221;][vc_column_text]\n<h2 style=\"text-align: center;\"><strong><em>Una nuova sfida<\/em><\/strong><\/h2>\n[\/vc_column_text][vc_column_text]\n<p style=\"text-align: center;\">Nel 2015 Sefra interrompe la partnership con Colombo Stile e torna ad essere autonoma.<\/p>\n[\/vc_column_text][\/vc_column][\/vc_row][vc_row thb_full_width=&#8221;true&#8221; thb_divider_position=&#8221;bottom&#8221;][vc_column][vc_empty_space mobile_height=&#8221;20px&#8221; height=&#8221;120px&#8221;][\/vc_column][\/vc_row][vc_row thb_full_width=&#8221;true&#8221; thb_divider_position=&#8221;bottom&#8221;][vc_column][vc_separator][\/vc_column][\/vc_row]\n","protected":false},"excerpt":{"rendered":"<p>[vc_row thb_full_width=&#8221;true&#8221; full_height=&#8221;yes&#8221; thb_divider_position=&#8221;bottom&#8221; el_class=&#8221;vc_hidden-xs&#8221; css=&#8221;.vc_custom_1593589367345{padding-bottom: 100px !important;background-image: url(https:\/\/www.seframeda.it\/wp-content\/uploads\/2020\/06\/Sefra_identity2.jpg?id=3348) !important;background-position: center !important;background-repeat: no-repeat !important;background-size: contain !important;}&#8221; el_id=&#8221;head&#8221;][vc_column][vc_column_text css=&#8221;.vc_custom_1593589421144{padding-top: 30% !important;padding-left: 60% !important;}&#8221;] \u201c\u00c8 nella casa dove siamo cresciuti che \u00e8 nata la nostra bottega. Quelle mura conservano ancora intatto l\u2019odore del legname, pronto per essere lavorato. \u00c8 la casa dove siamo cresciuti che ci ha&hellip;<\/p>\n","protected":false},"author":3,"featured_media":0,"parent":0,"menu_order":0,"comment_status":"closed","ping_status":"closed","template":"","meta":{"inline_featured_image":false,"footnotes":""},"class_list":["post-756","page","type-page","status-publish","hentry"],"_links":{"self":[{"href":"https:\/\/www.seframeda.it\/it\/wp-json\/wp\/v2\/pages\/756","targetHints":{"allow":["GET"]}}],"collection":[{"href":"https:\/\/www.seframeda.it\/it\/wp-json\/wp\/v2\/pages"}],"about":[{"href":"https:\/\/www.seframeda.it\/it\/wp-json\/wp\/v2\/types\/page"}],"author":[{"embeddable":true,"href":"https:\/\/www.seframeda.it\/it\/wp-json\/wp\/v2\/users\/3"}],"replies":[{"embeddable":true,"href":"https:\/\/www.seframeda.it\/it\/wp-json\/wp\/v2\/comments?post=756"}],"version-history":[{"count":321,"href":"https:\/\/www.seframeda.it\/it\/wp-json\/wp\/v2\/pages\/756\/revisions"}],"predecessor-version":[{"id":3541,"href":"https:\/\/www.seframeda.it\/it\/wp-json\/wp\/v2\/pages\/756\/revisions\/3541"}],"wp:attachment":[{"href":"https:\/\/www.seframeda.it\/it\/wp-json\/wp\/v2\/media?parent=756"}],"curies":[{"name":"wp","href":"https:\/\/api.w.org\/{rel}","templated":true}]}}